{"id":7,"date":"2025-08-05T13:37:23","date_gmt":"2025-08-05T13:37:23","guid":{"rendered":"https:\/\/viagebem.com.br\/blog\/?page_id=7"},"modified":"2025-08-25T00:34:25","modified_gmt":"2025-08-25T00:34:25","slug":"home","status":"publish","type":"page","link":"https:\/\/viagebem.com.br\/blog\/","title":{"rendered":"Home"},"content":{"rendered":"\t\t<div data-elementor-type=\"wp-page\" data-elementor-id=\"7\" class=\"elementor elementor-7\" data-elementor-post-type=\"page\">\n\t\t\t\t<div class=\"elementor-element elementor-element-b3ab6dc e-flex e-con-boxed e-con e-parent\" data-id=\"b3ab6dc\" data-element_type=\"container\">\n\t\t\t\t\t<div class=\"e-con-inner\">\n\t\t\t\t<div class=\"elementor-element elementor-element-699d756 elementor-grid-3 elementor-grid-tablet-2 elementor-grid-mobile-1 elementor-posts--thumbnail-top elementor-card-shadow-yes elementor-posts__hover-gradient elementor-widget elementor-widget-posts\" data-id=\"699d756\" data-element_type=\"widget\" data-settings=\"{&quot;cards_columns&quot;:&quot;3&quot;,&quot;cards_columns_tablet&quot;:&quot;2&quot;,&quot;cards_columns_mobile&quot;:&quot;1&quot;,&quot;cards_row_gap&quot;:{&quot;unit&quot;:&quot;px&quot;,&quot;size&quot;:35,&quot;sizes&quot;:[]},&quot;cards_row_gap_tablet&quot;:{&quot;unit&quot;:&quot;px&quot;,&quot;size&quot;:&quot;&quot;,&quot;sizes&quot;:[]},&quot;cards_row_gap_mobile&quot;:{&quot;unit&quot;:&quot;px&quot;,&quot;size&quot;:&quot;&quot;,&quot;sizes&quot;:[]}}\" data-widget_type=\"posts.cards\">\n\t\t\t\t<div class=\"elementor-widget-container\">\n\t\t\t\t\t\t\t<div class=\"elementor-posts-container elementor-posts elementor-posts--skin-cards elementor-grid\">\n\t\t\t\t<article class=\"elementor-post elementor-grid-item post-173 post type-post status-publish format-standard has-post-thumbnail hentry category-app-viage-bem\">\n\t\t\t<div class=\"elementor-post__card\">\n\t\t\t\t<a class=\"elementor-post__thumbnail__link\" href=\"https:\/\/viagebem.com.br\/blog\/sistema-viage-bem-inova-com-a-funcionalidade-pontos-fixos\/\" tabindex=\"-1\" ><div class=\"elementor-post__thumbnail\"><img fetchpriority=\"high\" decoding=\"async\" width=\"960\" height=\"540\" src=\"https:\/\/viagebem.com.br\/blog\/wp-content\/uploads\/2025\/09\/Design-sem-nome24.png\" class=\"attachment-1536x1536 size-1536x1536 wp-image-176\" alt=\"\" srcset=\"https:\/\/viagebem.com.br\/blog\/wp-content\/uploads\/2025\/09\/Design-sem-nome24.png 960w, https:\/\/viagebem.com.br\/blog\/wp-content\/uploads\/2025\/09\/Design-sem-nome24-300x169.png 300w, https:\/\/viagebem.com.br\/blog\/wp-content\/uploads\/2025\/09\/Design-sem-nome24-768x432.png 768w\" sizes=\"(max-width: 960px) 100vw, 960px\" \/><\/div><\/a>\n\t\t\t\t<div class=\"elementor-post__badge\">App Viage Bem<\/div>\n\t\t\t\t<div class=\"elementor-post__text\">\n\t\t\t\t<h3 class=\"elementor-post__title\">\n\t\t\t<a href=\"https:\/\/viagebem.com.br\/blog\/sistema-viage-bem-inova-com-a-funcionalidade-pontos-fixos\/\" >\n\t\t\t\tSistema Viage Bem Inova com a Funcionalidade &#8220;Pontos Fixos&#8221;\t\t\t<\/a>\n\t\t<\/h3>\n\t\t\t\t<div class=\"elementor-post__excerpt\">\n\t\t\t<p>O sistema de viagens Viage Bem anunciou uma nova e importante atualiza\u00e7\u00e3o em sua plataforma: a introdu\u00e7\u00e3o dos &#8220;Pontos Fixos&#8221;.<\/p>\n\t\t<\/div>\n\t\t\t\t<\/div>\n\t\t\t\t<div class=\"elementor-post__meta-data\">\n\t\t\t\t\t<span class=\"elementor-post-date\">\n\t\t\tsetembro 8, 2025\t\t<\/span>\n\t\t\t\t<span class=\"elementor-post-avatar\">\n\t\t\tNenhum coment\u00e1rio\t\t<\/span>\n\t\t\t\t<\/div>\n\t\t\t\t\t<\/div>\n\t\t<\/article>\n\t\t\t\t<article class=\"elementor-post elementor-grid-item post-147 post type-post status-publish format-standard has-post-thumbnail hentry category-videos\">\n\t\t\t<div class=\"elementor-post__card\">\n\t\t\t\t<a class=\"elementor-post__thumbnail__link\" href=\"https:\/\/viagebem.com.br\/blog\/como-cadastrar-uma-nova-viagem\/\" tabindex=\"-1\" ><div class=\"elementor-post__thumbnail\"><img decoding=\"async\" width=\"1080\" height=\"1080\" src=\"https:\/\/viagebem.com.br\/blog\/wp-content\/uploads\/2025\/08\/Miniatura-do-youtube-a-era-dos-robos-moderno-em-branco-e-verde-Post-para-Instagram2.jpg\" class=\"attachment-1536x1536 size-1536x1536 wp-image-156\" alt=\"\" srcset=\"https:\/\/viagebem.com.br\/blog\/wp-content\/uploads\/2025\/08\/Miniatura-do-youtube-a-era-dos-robos-moderno-em-branco-e-verde-Post-para-Instagram2.jpg 1080w, https:\/\/viagebem.com.br\/blog\/wp-content\/uploads\/2025\/08\/Miniatura-do-youtube-a-era-dos-robos-moderno-em-branco-e-verde-Post-para-Instagram2-300x300.jpg 300w, https:\/\/viagebem.com.br\/blog\/wp-content\/uploads\/2025\/08\/Miniatura-do-youtube-a-era-dos-robos-moderno-em-branco-e-verde-Post-para-Instagram2-1024x1024.jpg 1024w, https:\/\/viagebem.com.br\/blog\/wp-content\/uploads\/2025\/08\/Miniatura-do-youtube-a-era-dos-robos-moderno-em-branco-e-verde-Post-para-Instagram2-150x150.jpg 150w, https:\/\/viagebem.com.br\/blog\/wp-content\/uploads\/2025\/08\/Miniatura-do-youtube-a-era-dos-robos-moderno-em-branco-e-verde-Post-para-Instagram2-768x768.jpg 768w\" sizes=\"(max-width: 1080px) 100vw, 1080px\" \/><\/div><\/a>\n\t\t\t\t<div class=\"elementor-post__badge\">V\u00eddeos<\/div>\n\t\t\t\t<div class=\"elementor-post__text\">\n\t\t\t\t<h3 class=\"elementor-post__title\">\n\t\t\t<a href=\"https:\/\/viagebem.com.br\/blog\/como-cadastrar-uma-nova-viagem\/\" >\n\t\t\t\tComo Cadastrar uma Nova Viagem (Passo a Passo)\t\t\t<\/a>\n\t\t<\/h3>\n\t\t\t\t<div class=\"elementor-post__excerpt\">\n\t\t\t<p>Siga estas etapas para oferecer uma carona e criar suas rotas de ida e volta. 1. Acesse a \u00c1rea do<\/p>\n\t\t<\/div>\n\t\t\t\t<\/div>\n\t\t\t\t<div class=\"elementor-post__meta-data\">\n\t\t\t\t\t<span class=\"elementor-post-date\">\n\t\t\tagosto 28, 2025\t\t<\/span>\n\t\t\t\t<span class=\"elementor-post-avatar\">\n\t\t\tNenhum coment\u00e1rio\t\t<\/span>\n\t\t\t\t<\/div>\n\t\t\t\t\t<\/div>\n\t\t<\/article>\n\t\t\t\t<article class=\"elementor-post elementor-grid-item post-141 post type-post status-publish format-standard has-post-thumbnail hentry category-destinos\">\n\t\t\t<div class=\"elementor-post__card\">\n\t\t\t\t<a class=\"elementor-post__thumbnail__link\" href=\"https:\/\/viagebem.com.br\/blog\/a-gastronomia-de-cabo-frio-sabores-que-traduzem-o-litoral-carioca\/\" tabindex=\"-1\" ><div class=\"elementor-post__thumbnail\"><img decoding=\"async\" width=\"1080\" height=\"1080\" src=\"https:\/\/viagebem.com.br\/blog\/wp-content\/uploads\/2025\/08\/Miniatura-do-youtube-a-era-dos-robos-moderno-em-branco-e-verde-Post-para-Instagram1.jpg\" class=\"attachment-1536x1536 size-1536x1536 wp-image-146\" alt=\"\" srcset=\"https:\/\/viagebem.com.br\/blog\/wp-content\/uploads\/2025\/08\/Miniatura-do-youtube-a-era-dos-robos-moderno-em-branco-e-verde-Post-para-Instagram1.jpg 1080w, https:\/\/viagebem.com.br\/blog\/wp-content\/uploads\/2025\/08\/Miniatura-do-youtube-a-era-dos-robos-moderno-em-branco-e-verde-Post-para-Instagram1-300x300.jpg 300w, https:\/\/viagebem.com.br\/blog\/wp-content\/uploads\/2025\/08\/Miniatura-do-youtube-a-era-dos-robos-moderno-em-branco-e-verde-Post-para-Instagram1-1024x1024.jpg 1024w, https:\/\/viagebem.com.br\/blog\/wp-content\/uploads\/2025\/08\/Miniatura-do-youtube-a-era-dos-robos-moderno-em-branco-e-verde-Post-para-Instagram1-150x150.jpg 150w, https:\/\/viagebem.com.br\/blog\/wp-content\/uploads\/2025\/08\/Miniatura-do-youtube-a-era-dos-robos-moderno-em-branco-e-verde-Post-para-Instagram1-768x768.jpg 768w\" sizes=\"(max-width: 1080px) 100vw, 1080px\" \/><\/div><\/a>\n\t\t\t\t<div class=\"elementor-post__badge\">Destinos<\/div>\n\t\t\t\t<div class=\"elementor-post__text\">\n\t\t\t\t<h3 class=\"elementor-post__title\">\n\t\t\t<a href=\"https:\/\/viagebem.com.br\/blog\/a-gastronomia-de-cabo-frio-sabores-que-traduzem-o-litoral-carioca\/\" >\n\t\t\t\tA Gastronomia de Cabo Frio: Sabores que Traduzem o Litoral Carioca\t\t\t<\/a>\n\t\t<\/h3>\n\t\t\t\t<div class=\"elementor-post__excerpt\">\n\t\t\t<p>Cabo Frio, localizada na Regi\u00e3o dos Lagos, no Rio de Janeiro, \u00e9 famosa por suas praias de \u00e1guas cristalinas, mas<\/p>\n\t\t<\/div>\n\t\t\t\t<\/div>\n\t\t\t\t<div class=\"elementor-post__meta-data\">\n\t\t\t\t\t<span class=\"elementor-post-date\">\n\t\t\tagosto 25, 2025\t\t<\/span>\n\t\t\t\t<span class=\"elementor-post-avatar\">\n\t\t\tNenhum coment\u00e1rio\t\t<\/span>\n\t\t\t\t<\/div>\n\t\t\t\t\t<\/div>\n\t\t<\/article>\n\t\t\t\t<article class=\"elementor-post elementor-grid-item post-129 post type-post status-publish format-standard has-post-thumbnail hentry category-destinos\">\n\t\t\t<div class=\"elementor-post__card\">\n\t\t\t\t<a class=\"elementor-post__thumbnail__link\" href=\"https:\/\/viagebem.com.br\/blog\/viagem-de-rio-das-ostras-ao-rio-de-janeiro-de-carro-por-que-escolher-essa-opcao\/\" tabindex=\"-1\" ><div class=\"elementor-post__thumbnail\"><img loading=\"lazy\" decoding=\"async\" width=\"1280\" height=\"720\" src=\"https:\/\/viagebem.com.br\/blog\/wp-content\/uploads\/2025\/08\/4.png\" class=\"attachment-1536x1536 size-1536x1536 wp-image-118\" alt=\"\" srcset=\"https:\/\/viagebem.com.br\/blog\/wp-content\/uploads\/2025\/08\/4.png 1280w, https:\/\/viagebem.com.br\/blog\/wp-content\/uploads\/2025\/08\/4-300x169.png 300w, https:\/\/viagebem.com.br\/blog\/wp-content\/uploads\/2025\/08\/4-1024x576.png 1024w, https:\/\/viagebem.com.br\/blog\/wp-content\/uploads\/2025\/08\/4-768x432.png 768w\" sizes=\"(max-width: 1280px) 100vw, 1280px\" \/><\/div><\/a>\n\t\t\t\t<div class=\"elementor-post__badge\">Destinos<\/div>\n\t\t\t\t<div class=\"elementor-post__text\">\n\t\t\t\t<h3 class=\"elementor-post__title\">\n\t\t\t<a href=\"https:\/\/viagebem.com.br\/blog\/viagem-de-rio-das-ostras-ao-rio-de-janeiro-de-carro-por-que-escolher-essa-opcao\/\" >\n\t\t\t\tViagem de Rio das Ostras ao Rio de Janeiro de carro: por que escolher essa op\u00e7\u00e3o?\t\t\t<\/a>\n\t\t<\/h3>\n\t\t\t\t<div class=\"elementor-post__excerpt\">\n\t\t\t<p>Viajar de Rio das Ostras ao Rio de Janeiro de carro \u00e9 uma das alternativas mais r\u00e1pidas e confort\u00e1veis para<\/p>\n\t\t<\/div>\n\t\t\t\t<\/div>\n\t\t\t\t<div class=\"elementor-post__meta-data\">\n\t\t\t\t\t<span class=\"elementor-post-date\">\n\t\t\tagosto 25, 2025\t\t<\/span>\n\t\t\t\t<span class=\"elementor-post-avatar\">\n\t\t\tNenhum coment\u00e1rio\t\t<\/span>\n\t\t\t\t<\/div>\n\t\t\t\t\t<\/div>\n\t\t<\/article>\n\t\t\t\t<article class=\"elementor-post elementor-grid-item post-125 post type-post status-publish format-standard has-post-thumbnail hentry category-destinos\">\n\t\t\t<div class=\"elementor-post__card\">\n\t\t\t\t<a class=\"elementor-post__thumbnail__link\" href=\"https:\/\/viagebem.com.br\/blog\/viagem-de-arraial-do-cabo-ao-rio-de-janeiro-de-carro-guia-completo\/\" tabindex=\"-1\" ><div class=\"elementor-post__thumbnail\"><img loading=\"lazy\" decoding=\"async\" width=\"1280\" height=\"720\" src=\"https:\/\/viagebem.com.br\/blog\/wp-content\/uploads\/2025\/08\/3.png\" class=\"attachment-1536x1536 size-1536x1536 wp-image-117\" alt=\"\" srcset=\"https:\/\/viagebem.com.br\/blog\/wp-content\/uploads\/2025\/08\/3.png 1280w, https:\/\/viagebem.com.br\/blog\/wp-content\/uploads\/2025\/08\/3-300x169.png 300w, https:\/\/viagebem.com.br\/blog\/wp-content\/uploads\/2025\/08\/3-1024x576.png 1024w, https:\/\/viagebem.com.br\/blog\/wp-content\/uploads\/2025\/08\/3-768x432.png 768w\" sizes=\"(max-width: 1280px) 100vw, 1280px\" \/><\/div><\/a>\n\t\t\t\t<div class=\"elementor-post__badge\">Destinos<\/div>\n\t\t\t\t<div class=\"elementor-post__text\">\n\t\t\t\t<h3 class=\"elementor-post__title\">\n\t\t\t<a href=\"https:\/\/viagebem.com.br\/blog\/viagem-de-arraial-do-cabo-ao-rio-de-janeiro-de-carro-guia-completo\/\" >\n\t\t\t\tViagem de Arraial do Cabo ao Rio de Janeiro de carro: guia completo\t\t\t<\/a>\n\t\t<\/h3>\n\t\t\t\t<div class=\"elementor-post__excerpt\">\n\t\t\t<p>Fazer a viagem de Arraial do Cabo ao Rio de Janeiro de carro \u00e9 uma escolha pr\u00e1tica para quem busca<\/p>\n\t\t<\/div>\n\t\t\t\t<\/div>\n\t\t\t\t<div class=\"elementor-post__meta-data\">\n\t\t\t\t\t<span class=\"elementor-post-date\">\n\t\t\tagosto 25, 2025\t\t<\/span>\n\t\t\t\t<span class=\"elementor-post-avatar\">\n\t\t\tNenhum coment\u00e1rio\t\t<\/span>\n\t\t\t\t<\/div>\n\t\t\t\t\t<\/div>\n\t\t<\/article>\n\t\t\t\t<article class=\"elementor-post elementor-grid-item post-121 post type-post status-publish format-standard has-post-thumbnail hentry category-destinos\">\n\t\t\t<div class=\"elementor-post__card\">\n\t\t\t\t<a class=\"elementor-post__thumbnail__link\" href=\"https:\/\/viagebem.com.br\/blog\/viagem-de-buzios-ao-rio-de-janeiro-de-carro-tudo-o-que-voce-precisa-saber\/\" tabindex=\"-1\" ><div class=\"elementor-post__thumbnail\"><img loading=\"lazy\" decoding=\"async\" width=\"1280\" height=\"720\" src=\"https:\/\/viagebem.com.br\/blog\/wp-content\/uploads\/2025\/08\/2.png\" class=\"attachment-1536x1536 size-1536x1536 wp-image-116\" alt=\"\" srcset=\"https:\/\/viagebem.com.br\/blog\/wp-content\/uploads\/2025\/08\/2.png 1280w, https:\/\/viagebem.com.br\/blog\/wp-content\/uploads\/2025\/08\/2-300x169.png 300w, https:\/\/viagebem.com.br\/blog\/wp-content\/uploads\/2025\/08\/2-1024x576.png 1024w, https:\/\/viagebem.com.br\/blog\/wp-content\/uploads\/2025\/08\/2-768x432.png 768w\" sizes=\"(max-width: 1280px) 100vw, 1280px\" \/><\/div><\/a>\n\t\t\t\t<div class=\"elementor-post__badge\">Destinos<\/div>\n\t\t\t\t<div class=\"elementor-post__text\">\n\t\t\t\t<h3 class=\"elementor-post__title\">\n\t\t\t<a href=\"https:\/\/viagebem.com.br\/blog\/viagem-de-buzios-ao-rio-de-janeiro-de-carro-tudo-o-que-voce-precisa-saber\/\" >\n\t\t\t\tViagem de B\u00fazios ao Rio de Janeiro de carro: tudo o que voc\u00ea precisa saber\t\t\t<\/a>\n\t\t<\/h3>\n\t\t\t\t<div class=\"elementor-post__excerpt\">\n\t\t\t<p>Fazer a viagem de B\u00fazios ao Rio de Janeiro de carro \u00e9 uma escolha que une conforto, liberdade e praticidade.<\/p>\n\t\t<\/div>\n\t\t\t\t<\/div>\n\t\t\t\t<div class=\"elementor-post__meta-data\">\n\t\t\t\t\t<span class=\"elementor-post-date\">\n\t\t\tagosto 25, 2025\t\t<\/span>\n\t\t\t\t<span class=\"elementor-post-avatar\">\n\t\t\tNenhum coment\u00e1rio\t\t<\/span>\n\t\t\t\t<\/div>\n\t\t\t\t\t<\/div>\n\t\t<\/article>\n\t\t\t\t<\/div>\n\t\t\n\t\t\t\t\t\t<\/div>\n\t\t\t\t<\/div>\n\t\t\t\t\t<\/div>\n\t\t\t\t<\/div>\n\t\t\t\t<\/div>\n\t\t","protected":false},"excerpt":{"rendered":"","protected":false},"author":1,"featured_media":0,"parent":0,"menu_order":0,"comment_status":"closed","ping_status":"closed","template":"elementor_header_footer","meta":{"pagelayer_contact_templates":[],"_pagelayer_content":"","site-sidebar-layout":"no-sidebar","site-content-layout":"plain-container","ast-site-content-layout":"full-width-container","site-content-style":"default","site-sidebar-style":"default","ast-global-header-display":"","ast-banner-title-visibility":"","ast-main-header-display":"","ast-hfb-above-header-display":"","ast-hfb-below-header-display":"","ast-hfb-mobile-header-display":"","site-post-title":"disabled","ast-breadcrumbs-content":"","ast-featured-img":"disabled","footer-sml-layout":"","theme-transparent-header-meta":"enabled","adv-header-id-meta":"","stick-header-meta":"","header-above-stick-meta":"","header-main-stick-meta":"","header-below-stick-meta":"","astra-migrate-meta-layouts":"default","ast-page-background-enabled":"default","ast-page-background-meta":{"desktop":{"background-color":"var(--ast-global-color-5)","background-image":"","background-repeat":"repeat","background-position":"center center","background-size":"auto","background-attachment":"scroll","background-type":"","background-media":"","overlay-type":"","overlay-color":"","overlay-opacity":"","overlay-gradient":""},"tablet":{"background-color":"","background-image":"","background-repeat":"repeat","background-position":"center center","background-size":"auto","background-attachment":"scroll","background-type":"","background-media":"","overlay-type":"","overlay-color":"","overlay-opacity":"","overlay-gradient":""},"mobile":{"background-color":"","background-image":"","background-repeat":"repeat","background-position":"center center","background-size":"auto","background-attachment":"scroll","background-type":"","background-media":"","overlay-type":"","overlay-color":"","overlay-opacity":"","overlay-gradient":""}},"ast-content-background-meta":{"desktop":{"background-color":"var(--ast-global-color-4)","background-image":"","background-repeat":"repeat","background-position":"center center","background-size":"auto","background-attachment":"scroll","background-type":"","background-media":"","overlay-type":"","overlay-color":"","overlay-opacity":"","overlay-gradient":""},"tablet":{"background-color":"var(--ast-global-color-4)","background-image":"","background-repeat":"repeat","background-position":"center center","background-size":"auto","background-attachment":"scroll","background-type":"","background-media":"","overlay-type":"","overlay-color":"","overlay-opacity":"","overlay-gradient":""},"mobile":{"background-color":"var(--ast-global-color-4)","background-image":"","background-repeat":"repeat","background-position":"center center","background-size":"auto","background-attachment":"scroll","background-type":"","background-media":"","overlay-type":"","overlay-color":"","overlay-opacity":"","overlay-gradient":""}},"footnotes":""},"class_list":["post-7","page","type-page","status-publish","hentry"],"_links":{"self":[{"href":"https:\/\/viagebem.com.br\/blog\/wp-json\/wp\/v2\/pages\/7","targetHints":{"allow":["GET"]}}],"collection":[{"href":"https:\/\/viagebem.com.br\/blog\/wp-json\/wp\/v2\/pages"}],"about":[{"href":"https:\/\/viagebem.com.br\/blog\/wp-json\/wp\/v2\/types\/page"}],"author":[{"embeddable":true,"href":"https:\/\/viagebem.com.br\/blog\/wp-json\/wp\/v2\/users\/1"}],"replies":[{"embeddable":true,"href":"https:\/\/viagebem.com.br\/blog\/wp-json\/wp\/v2\/comments?post=7"}],"version-history":[{"count":19,"href":"https:\/\/viagebem.com.br\/blog\/wp-json\/wp\/v2\/pages\/7\/revisions"}],"predecessor-version":[{"id":110,"href":"https:\/\/viagebem.com.br\/blog\/wp-json\/wp\/v2\/pages\/7\/revisions\/110"}],"wp:attachment":[{"href":"https:\/\/viagebem.com.br\/blog\/wp-json\/wp\/v2\/media?parent=7"}],"curies":[{"name":"wp","href":"https:\/\/api.w.org\/{rel}","templated":true}]}}